{"id":2428,"date":"2021-03-25T10:01:34","date_gmt":"2021-03-25T09:01:34","guid":{"rendered":"https:\/\/vik.es\/llv\/?page_id=2428"},"modified":"2021-04-14T15:28:34","modified_gmt":"2021-04-14T13:28:34","slug":"recomendaciones-vacunacion-campana-20-21","status":"publish","type":"page","link":"https:\/\/vik.es\/llv\/recomendaciones-vacunacion-campana-20-21","title":{"rendered":"Recomendaciones vacunaci\u00f3n campa\u00f1a 20\/21"},"content":{"rendered":"<p>[et_pb_section fb_built=\u00bb1&#8243; custom_padding_last_edited=\u00bbon|phone\u00bb admin_label=\u00bbDe las vacunas de la gripe y el coronavirus\u00bb _builder_version=\u00bb4.8.1&#8243; background_color=\u00bb#2192d6&#8243; background_enable_image=\u00bboff\u00bb background_position=\u00bbbottom_left\u00bb width=\u00bb100%\u00bb width_tablet=\u00bb\u00bb width_phone=\u00bb100%\u00bb width_last_edited=\u00bbon|phone\u00bb max_width=\u00bb100%\u00bb custom_padding=\u00bb53.625px|0px|53.625px|0|false|false\u00bb custom_padding_tablet=\u00bb\u00bb custom_padding_phone=\u00bb5%||5%||false|false\u00bb top_divider_height=\u00bb50px\u00bb top_divider_flip=\u00bbhorizontal\u00bb collapsed=\u00bboff\u00bb][et_pb_row column_structure=\u00bb1_2,1_2&#8243; custom_padding_last_edited=\u00bbon|phone\u00bb _builder_version=\u00bb4.8.1&#8243; background_enable_color=\u00bboff\u00bb background_enable_image=\u00bboff\u00bb width=\u00bb100%\u00bb width_tablet=\u00bb100%\u00bb width_phone=\u00bb100%\u00bb width_last_edited=\u00bbon|tablet\u00bb max_width=\u00bb100%\u00bb custom_margin=\u00bb40px||||false|false\u00bb custom_margin_tablet=\u00bb|||10%\u00bb custom_margin_phone=\u00bb0px|||0%|false|false\u00bb custom_margin_last_edited=\u00bbon|phone\u00bb custom_padding=\u00bb0px|60px|0px|60px|true|true\u00bb custom_padding_tablet=\u00bb\u00bb custom_padding_phone=\u00bb0px|0px|0px|0px|true|true\u00bb border_radii=\u00bbon|6px|6px|6px|6px\u00bb locked=\u00bboff\u00bb][et_pb_column type=\u00bb1_2&#8243; _builder_version=\u00bb3.25&#8243; custom_padding=\u00bb|||\u00bb custom_padding__hover=\u00bb|||\u00bb][et_pb_text _builder_version=\u00bb4.8.1&#8243; text_font=\u00bbRubik|300|||||||\u00bb text_text_color=\u00bbrgba(255,255,255,0.7)\u00bb text_line_height=\u00bb1.2em\u00bb header_font=\u00bbRubik|700|||||||\u00bb header_font_size=\u00bb44px\u00bb header_line_height=\u00bb1.4em\u00bb header_2_font=\u00bbRubik|700|||||||\u00bb header_2_font_size=\u00bb40px\u00bb header_6_font=\u00bbMontserrat|600||on|||||\u00bb header_6_text_color=\u00bbrgba(255,255,255,0.7)\u00bb header_6_font_size=\u00bb16px\u00bb header_6_letter_spacing=\u00bb2px\u00bb header_6_line_height=\u00bb1.5em\u00bb background_layout=\u00bbdark\u00bb max_width=\u00bb800px\u00bb module_alignment=\u00bbcenter\u00bb custom_margin=\u00bb||||false|false\u00bb custom_padding_tablet=\u00bb\u00bb custom_padding_phone=\u00bb|5%||5%|false|false\u00bb custom_padding_last_edited=\u00bbon|phone\u00bb text_font_size_tablet=\u00bb\u00bb text_font_size_phone=\u00bb20px\u00bb text_font_size_last_edited=\u00bbon|phone\u00bb header_font_size_tablet=\u00bb\u00bb header_font_size_phone=\u00bb28px\u00bb header_font_size_last_edited=\u00bbon|phone\u00bb]<\/p>\n<h1>Recomendaciones para la campa\u00f1a 2020\/2021 por la libertad de vacunaci\u00f3n de la gripe y del COVID-19<\/h1>\n<p>El personal sanitario que no quiera vacunar a sus pacientes podr\u00e1 acogerse a la Objeci\u00f3n de conciencia.<\/p>\n<p>Habr\u00e1n de consultar el C\u00f3digo Deontol\u00f3gico del respectivo Colegio Profesional y rellenar el formulario de objeci\u00f3n de conciencia que se entregar\u00e1 en el centro de trabajo correspondiente.<\/p>\n<p>[\/et_pb_text][et_pb_text admin_label=\u00bbPersonal sanitario, sociosanitario y docente\u00bb _builder_version=\u00bb4.8.1&#8243; text_font=\u00bbRubik|300|||||||\u00bb text_text_color=\u00bbrgba(255,255,255,0.7)\u00bb text_line_height=\u00bb1.2em\u00bb header_font=\u00bbRubik|700|||||||\u00bb header_font_size=\u00bb40px\u00bb header_line_height=\u00bb1.4em\u00bb header_2_font=\u00bbRubik|700|||||||\u00bb header_2_font_size=\u00bb30px\u00bb header_6_font=\u00bbMontserrat|600||on|||||\u00bb header_6_text_color=\u00bbrgba(255,255,255,0.7)\u00bb header_6_font_size=\u00bb16px\u00bb header_6_letter_spacing=\u00bb2px\u00bb header_6_line_height=\u00bb1.5em\u00bb background_color=\u00bb#5a9eff\u00bb background_layout=\u00bbdark\u00bb width_tablet=\u00bb\u00bb width_phone=\u00bb95.9%\u00bb width_last_edited=\u00bbon|phone\u00bb max_width=\u00bb100%\u00bb module_alignment=\u00bbcenter\u00bb custom_margin=\u00bb||||false|false\u00bb custom_padding=\u00bb50px|50px|50px|50px|false|false\u00bb custom_padding_tablet=\u00bb\u00bb custom_padding_phone=\u00bb50px|5%|50px|5%|false|false\u00bb custom_padding_last_edited=\u00bbon|phone\u00bb hover_enabled=\u00bb0&#8243; text_font_size_tablet=\u00bb\u00bb text_font_size_phone=\u00bb20px\u00bb text_font_size_last_edited=\u00bbon|phone\u00bb header_font_size_tablet=\u00bb40px\u00bb header_font_size_phone=\u00bb40px\u00bb header_font_size_last_edited=\u00bbon|phone\u00bb header_2_font_size_tablet=\u00bb30px\u00bb header_2_font_size_phone=\u00bb30px\u00bb header_2_font_size_last_edited=\u00bbon|phone\u00bb border_radii=\u00bbon|20px|20px|20px|20px\u00bb saved_tabs=\u00bball\u00bb sticky_enabled=\u00bb0&#8243;]<\/p>\n<h2>El personal sanitario o sociosanitario, social y docente que no quiera vacunarse podr\u00e1 utilizar una de estas cuatro alternativas:<\/h2>\n<p><span class=\"numeracop\">1 <\/span><a href=\"https:\/\/vik.es\/llv\/wp-content\/uploads\/2021\/04\/cuestionario-prevacunal.pdf\" target=\"_blank\" rel=\"noopener\">El Cuestionario prevacunal<\/a><\/p>\n<p><span class=\"numeracop\">2 <\/span><a href=\"https:\/\/vik.es\/llv\/wp-content\/uploads\/2021\/03\/manual-de-resistencia-cast.pdf#page=6\" target=\"_blank\" rel=\"noopener\">El Consentimiento informado<\/a><\/p>\n<p><span class=\"numeracop\">3 <\/span>El Certificado M\u00e9dico de Contraindicaci\u00f3n (adquirir en estancos)<\/p>\n<p><span class=\"numeracop\">4 <\/span><a href=\"https:\/\/vik.es\/llv\/wp-content\/uploads\/2021\/03\/manual-de-resistencia-cast.pdf#page=12\" target=\"_blank\" rel=\"noopener\">El Documento de Da\u00f1os y Responsabilidad M\u00e9dica y<br \/>Administrativa<\/a><\/p>\n<p>[\/et_pb_text][et_pb_text admin_label=\u00bbPersonal sanitario, sociosanitario y docente\u00bb _builder_version=\u00bb4.8.1&#8243; text_font=\u00bbRubik|300|||||||\u00bb text_text_color=\u00bbrgba(255,255,255,0.7)\u00bb text_line_height=\u00bb1.2em\u00bb header_font=\u00bbRubik|700|||||||\u00bb header_font_size=\u00bb40px\u00bb header_line_height=\u00bb1.4em\u00bb header_2_font=\u00bbRubik|700|||||||\u00bb header_2_font_size=\u00bb30px\u00bb header_6_font=\u00bbMontserrat|600||on|||||\u00bb header_6_text_color=\u00bbrgba(255,255,255,0.7)\u00bb header_6_font_size=\u00bb16px\u00bb header_6_letter_spacing=\u00bb2px\u00bb header_6_line_height=\u00bb1.5em\u00bb background_color=\u00bb#5a9eff\u00bb background_layout=\u00bbdark\u00bb width_tablet=\u00bb\u00bb width_phone=\u00bb95.9%\u00bb width_last_edited=\u00bbon|phone\u00bb max_width=\u00bb100%\u00bb module_alignment=\u00bbcenter\u00bb custom_margin=\u00bb||||false|false\u00bb custom_padding=\u00bb50px|50px|50px|50px|false|false\u00bb custom_padding_tablet=\u00bb\u00bb custom_padding_phone=\u00bb50px|5%|50px|5%|false|false\u00bb custom_padding_last_edited=\u00bbon|phone\u00bb text_font_size_tablet=\u00bb\u00bb text_font_size_phone=\u00bb20px\u00bb text_font_size_last_edited=\u00bbon|phone\u00bb header_font_size_tablet=\u00bb40px\u00bb header_font_size_phone=\u00bb40px\u00bb header_font_size_last_edited=\u00bbon|phone\u00bb header_2_font_size_tablet=\u00bb30px\u00bb header_2_font_size_phone=\u00bb30px\u00bb header_2_font_size_last_edited=\u00bbon|phone\u00bb border_radii=\u00bbon|20px|20px|20px|20px\u00bb saved_tabs=\u00bball\u00bb]<\/p>\n<h2>Las personas que sean presionadas para vacunarse debido a la realizaci\u00f3n de viajes, firmas de contratos, petici\u00f3n de ayudas sociales u otras situaciones, podr\u00e1n utilizar:<\/h2>\n<p><span class=\"numeracop\">1 <\/span><a href=\"https:\/\/vik.es\/llv\/wp-content\/uploads\/2021\/03\/manual-de-resistencia-cast.pdf#page=10\" target=\"_blank\" rel=\"noopener\">El Cuestionario prevacunal<\/a><\/p>\n<p><span class=\"numeracop\">2 <\/span><a href=\"https:\/\/vik.es\/llv\/wp-content\/uploads\/2021\/03\/manual-de-resistencia-cast.pdf#page=6\" target=\"_blank\" rel=\"noopener\">El Consentimiento informado<\/a><\/p>\n<p><span class=\"numeracop\">3 <\/span>El Certificado M\u00e9dico de Contraindicaci\u00f3n (adquirir en estancos)<\/p>\n<p><span class=\"numeracop\">4 <\/span><a href=\"https:\/\/vik.es\/llv\/wp-content\/uploads\/2021\/03\/manual-de-resistencia-cast.pdf#page=12\" target=\"_blank\" rel=\"noopener\">El Documento de Da\u00f1os y Responsabilidad M\u00e9dica y<br \/>Administrativa<\/a><\/p>\n<p>[\/et_pb_text][\/et_pb_column][et_pb_column type=\u00bb1_2&#8243; _builder_version=\u00bb3.25&#8243; custom_padding=\u00bb|||\u00bb custom_padding__hover=\u00bb|||\u00bb][et_pb_text admin_label=\u00bbMayores de 65&#8243; _builder_version=\u00bb4.8.1&#8243; text_font=\u00bbRubik|300|||||||\u00bb text_text_color=\u00bbrgba(255,255,255,0.7)\u00bb text_line_height=\u00bb1.2em\u00bb header_font=\u00bbRubik|700|||||||\u00bb header_font_size=\u00bb40px\u00bb header_line_height=\u00bb1.4em\u00bb header_2_font=\u00bbRubik|700|||||||\u00bb header_2_font_size=\u00bb30px\u00bb header_6_font=\u00bbMontserrat|600||on|||||\u00bb header_6_text_color=\u00bbrgba(255,255,255,0.7)\u00bb header_6_font_size=\u00bb16px\u00bb header_6_letter_spacing=\u00bb2px\u00bb header_6_line_height=\u00bb1.5em\u00bb background_color=\u00bb#5a9eff\u00bb background_layout=\u00bbdark\u00bb width_tablet=\u00bb\u00bb width_phone=\u00bb95.9%\u00bb width_last_edited=\u00bbon|phone\u00bb max_width=\u00bb100%\u00bb module_alignment=\u00bbcenter\u00bb custom_margin=\u00bb||||false|false\u00bb custom_padding=\u00bb50px|50px|50px|50px|false|false\u00bb custom_padding_tablet=\u00bb\u00bb custom_padding_phone=\u00bb50px|5%|50px|5%|false|false\u00bb custom_padding_last_edited=\u00bbon|phone\u00bb text_font_size_tablet=\u00bb\u00bb text_font_size_phone=\u00bb20px\u00bb text_font_size_last_edited=\u00bbon|phone\u00bb header_font_size_tablet=\u00bb40px\u00bb header_font_size_phone=\u00bb40px\u00bb header_font_size_last_edited=\u00bbon|phone\u00bb header_2_font_size_tablet=\u00bb30px\u00bb header_2_font_size_phone=\u00bb30px\u00bb header_2_font_size_last_edited=\u00bbon|phone\u00bb border_radii=\u00bbon|20px|20px|20px|20px\u00bb saved_tabs=\u00bball\u00bb]<\/p>\n<h2>Las personas mayores de 65 a\u00f1os usuarias de residencias que no quieran vacunarse o no lo quiera su tutor\/a, podr\u00e1n utilizar una de estas tres alternativas:<\/h2>\n<p><span class=\"numeracop\">1<\/span><a href=\"https:\/\/vik.es\/llv\/wp-content\/uploads\/2021\/03\/manual-de-resistencia-cast.pdf#page=6\" target=\"_blank\" rel=\"noopener\">El Consentimiento informado<\/a><\/p>\n<p><span class=\"numeracop\">2 <\/span>El Certificado M\u00e9dico de Contraindicaci\u00f3n (adquirir en estancos)<\/p>\n<p><span class=\"numeracop\">3 <\/span><a href=\"https:\/\/vik.es\/llv\/wp-content\/uploads\/2021\/03\/manual-de-resistencia-cast.pdf#page=12\" target=\"_blank\" rel=\"noopener\">El Documento de Da\u00f1os y Responsabilidad M\u00e9dica y<br \/>Administrativa<\/a><\/p>\n<p>[\/et_pb_text][et_pb_text admin_label=\u00bbEnlaces\u00bb _builder_version=\u00bb4.8.1&#8243; text_font=\u00bbRubik|300|||||||\u00bb text_text_color=\u00bbrgba(255,255,255,0.7)\u00bb text_line_height=\u00bb1.2em\u00bb header_font=\u00bbRubik|700|||||||\u00bb header_font_size=\u00bb40px\u00bb header_line_height=\u00bb1.4em\u00bb header_2_font=\u00bbRubik|700|||||||\u00bb header_2_font_size=\u00bb30px\u00bb header_6_font=\u00bbMontserrat|600||on|||||\u00bb header_6_text_color=\u00bbrgba(255,255,255,0.7)\u00bb header_6_font_size=\u00bb16px\u00bb header_6_letter_spacing=\u00bb2px\u00bb header_6_line_height=\u00bb1.5em\u00bb background_color=\u00bb#5a9eff\u00bb background_layout=\u00bbdark\u00bb width_tablet=\u00bb\u00bb width_phone=\u00bb95.9%\u00bb width_last_edited=\u00bbon|phone\u00bb max_width=\u00bb100%\u00bb module_alignment=\u00bbcenter\u00bb custom_margin=\u00bb||||false|false\u00bb custom_padding=\u00bb50px|50px|50px|50px|false|false\u00bb custom_padding_tablet=\u00bb\u00bb custom_padding_phone=\u00bb50px|5%|50px|5%|false|false\u00bb custom_padding_last_edited=\u00bbon|phone\u00bb text_font_size_tablet=\u00bb\u00bb text_font_size_phone=\u00bb20px\u00bb text_font_size_last_edited=\u00bbon|phone\u00bb header_font_size_tablet=\u00bb40px\u00bb header_font_size_phone=\u00bb40px\u00bb header_font_size_last_edited=\u00bbon|phone\u00bb header_2_font_size_tablet=\u00bb30px\u00bb header_2_font_size_phone=\u00bb30px\u00bb header_2_font_size_last_edited=\u00bbon|phone\u00bb border_radii=\u00bbon|20px|20px|20px|20px\u00bb saved_tabs=\u00bball\u00bb]<\/p>\n<h2>B\u00e1jate la informaci\u00f3n en PDF<\/h2>\n<p>&nbsp;<\/p>\n<p><span class=\"numeracop\">ES <\/span><a href=\"https:\/\/vik.es\/llv\/wp-content\/uploads\/2021\/03\/recomendaciones-20-21-gripe-covid-cas.pdf\" target=\"_blank\" rel=\"noopener\">Recomendaciones para la campa\u00f1a 2020\/2021 por la libertad de vacunaci\u00f3n de la gripe y del COVID-19<\/a><\/p>\n<p><span class=\"numeracop\">CAT <\/span><a href=\"https:\/\/vik.es\/llv\/wp-content\/uploads\/2021\/03\/recomendaciones-20-21-gripe-covid-cat.pdf\" target=\"_blank\" rel=\"noopener\">Recomanacions per a la campanya 2020-2021 per la llibertat de vacunaci\u00f3 de la grip i del COVID-19<\/a><\/p>\n<p><span class=\"numeracop\">EUS <\/span><a href=\"https:\/\/vik.es\/llv\/wp-content\/uploads\/2021\/03\/recomendaciones-20-21-gripe-covid-eus.pdf\" target=\"_blank\" rel=\"noopener\">Gripearen eta COVID-19aren txertaketaren askatasunaren aldeko 2020-2021 eko kanpainaren gomendioak<\/a><\/p>\n<p><span class=\"numeracop\">GAL <\/span><a href=\"https:\/\/vik.es\/llv\/wp-content\/uploads\/2021\/03\/recomendaciones-20-21-gripe-covid-gal.pdf\" target=\"_blank\" rel=\"noopener\">Recomendaci\u00f3ns para a campa\u00f1a 2020-2021 pola liberdade de vacinaci\u00f3n da gripee da COVID-19<\/a><\/p>\n<p>[\/et_pb_text][\/et_pb_column][\/et_pb_row][\/et_pb_section]<\/p>\n","protected":false},"excerpt":{"rendered":"<p>[et_pb_section fb_built=\u00bb1&#8243; custom_padding_last_edited=\u00bbon|phone\u00bb admin_label=\u00bbDe las vacunas de la gripe y el coronavirus\u00bb _builder_version=\u00bb4.8.1&#8243; background_color=\u00bb#2192d6&#8243; background_enable_image=\u00bboff\u00bb background_position=\u00bbbottom_left\u00bb width=\u00bb100%\u00bb width_tablet=\u00bb\u00bb width_phone=\u00bb100%\u00bb width_last_edited=\u00bbon|phone\u00bb max_width=\u00bb100%\u00bb custom_padding=\u00bb53.625px|0px|53.625px|0|false|false\u00bb custom_padding_tablet=\u00bb\u00bb custom_padding_phone=\u00bb5%||5%||false|false\u00bb top_divider_height=\u00bb50px\u00bb top_divider_flip=\u00bbhorizontal\u00bb collapsed=\u00bboff\u00bb][et_pb_row column_structure=\u00bb1_2,1_2&#8243; custom_padding_last_edited=\u00bbon|phone\u00bb _builder_version=\u00bb4.8.1&#8243; background_enable_color=\u00bboff\u00bb background_enable_image=\u00bboff\u00bb width=\u00bb100%\u00bb width_tablet=\u00bb100%\u00bb width_phone=\u00bb100%\u00bb width_last_edited=\u00bbon|tablet\u00bb max_width=\u00bb100%\u00bb custom_margin=\u00bb40px||||false|false\u00bb custom_margin_tablet=\u00bb|||10%\u00bb custom_margin_phone=\u00bb0px|||0%|false|false\u00bb custom_margin_last_edited=\u00bbon|phone\u00bb custom_padding=\u00bb0px|60px|0px|60px|true|true\u00bb custom_padding_tablet=\u00bb\u00bb custom_padding_phone=\u00bb0px|0px|0px|0px|true|true\u00bb border_radii=\u00bbon|6px|6px|6px|6px\u00bb locked=\u00bboff\u00bb][et_pb_column type=\u00bb1_2&#8243; _builder_version=\u00bb3.25&#8243; custom_padding=\u00bb|||\u00bb custom_padding__hover=\u00bb|||\u00bb][et_pb_text _builder_version=\u00bb4.8.1&#8243; text_font=\u00bbRubik|300|||||||\u00bb text_text_color=\u00bbrgba(255,255,255,0.7)\u00bb text_line_height=\u00bb1.2em\u00bb header_font=\u00bbRubik|700|||||||\u00bb [&hellip;]<\/p>\n","protected":false},"author":1,"featured_media":0,"parent":0,"menu_order":0,"comment_status":"closed","ping_status":"closed","template":"","meta":{"_et_pb_use_builder":"on","_et_pb_old_content":"","_et_gb_content_width":"","footnotes":""},"class_list":["post-2428","page","type-page","status-publish","hentry"],"_links":{"self":[{"href":"https:\/\/vik.es\/llv\/wp-json\/wp\/v2\/pages\/2428","targetHints":{"allow":["GET"]}}],"collection":[{"href":"https:\/\/vik.es\/llv\/wp-json\/wp\/v2\/pages"}],"about":[{"href":"https:\/\/vik.es\/llv\/wp-json\/wp\/v2\/types\/page"}],"author":[{"embeddable":true,"href":"https:\/\/vik.es\/llv\/wp-json\/wp\/v2\/users\/1"}],"replies":[{"embeddable":true,"href":"https:\/\/vik.es\/llv\/wp-json\/wp\/v2\/comments?post=2428"}],"version-history":[{"count":21,"href":"https:\/\/vik.es\/llv\/wp-json\/wp\/v2\/pages\/2428\/revisions"}],"predecessor-version":[{"id":5491,"href":"https:\/\/vik.es\/llv\/wp-json\/wp\/v2\/pages\/2428\/revisions\/5491"}],"wp:attachment":[{"href":"https:\/\/vik.es\/llv\/wp-json\/wp\/v2\/media?parent=2428"}],"curies":[{"name":"wp","href":"https:\/\/api.w.org\/{rel}","templated":true}]}}