{"id":879,"date":"2021-03-17T08:47:54","date_gmt":"2021-03-17T07:47:54","guid":{"rendered":"https:\/\/vik.es\/llv\/?page_id=879"},"modified":"2021-04-11T18:28:25","modified_gmt":"2021-04-11T16:28:25","slug":"en-la-escuela","status":"publish","type":"page","link":"https:\/\/vik.es\/llv\/en-la-escuela","title":{"rendered":"En la escuela"},"content":{"rendered":"<p>[et_pb_section fb_built=\u00bb1&#8243; admin_label=\u00bbManifiesto\u00bb _builder_version=\u00bb4.8.1&#8243; background_color=\u00bb#2192d6&#8243; background_enable_image=\u00bboff\u00bb background_position=\u00bbbottom_left\u00bb width=\u00bb100%\u00bb max_width=\u00bb100%\u00bb custom_padding=\u00bb53.625px|0px|53.625px|0|true|false\u00bb top_divider_height=\u00bb50px\u00bb top_divider_flip=\u00bbhorizontal\u00bb collapsed=\u00bboff\u00bb][et_pb_row column_structure=\u00bb1_2,1_2&#8243; custom_padding_last_edited=\u00bbon|phone\u00bb _builder_version=\u00bb4.8.1&#8243; background_enable_color=\u00bboff\u00bb background_enable_image=\u00bboff\u00bb width=\u00bb100%\u00bb max_width=\u00bb100%\u00bb custom_margin=\u00bb-38px|auto||auto||\u00bb custom_margin_tablet=\u00bb|||10%\u00bb custom_padding=\u00bb74px|60px|74px|60px|true|true\u00bb custom_padding_tablet=\u00bb\u00bb custom_padding_phone=\u00bb0px|9px|0px|9px|true|true\u00bb border_radii=\u00bbon|6px|6px|6px|6px\u00bb locked=\u00bboff\u00bb][et_pb_column type=\u00bb1_2&#8243; _builder_version=\u00bb3.25&#8243; custom_padding=\u00bb|||\u00bb custom_padding__hover=\u00bb|||\u00bb][et_pb_text _builder_version=\u00bb4.8.1&#8243; text_font=\u00bbRubik|300|||||||\u00bb text_text_color=\u00bbrgba(255,255,255,0.7)\u00bb text_line_height=\u00bb1.2em\u00bb header_font=\u00bbRubik|700|||||||\u00bb header_font_size=\u00bb44px\u00bb header_line_height=\u00bb1.4em\u00bb header_2_font=\u00bbRubik|700|||||||\u00bb header_2_font_size=\u00bb40px\u00bb header_6_font=\u00bbMontserrat|600||on|||||\u00bb header_6_text_color=\u00bbrgba(255,255,255,0.7)\u00bb header_6_font_size=\u00bb16px\u00bb header_6_letter_spacing=\u00bb2px\u00bb header_6_line_height=\u00bb1.5em\u00bb background_layout=\u00bbdark\u00bb max_width=\u00bb800px\u00bb module_alignment=\u00bbcenter\u00bb min_height=\u00bb454px\u00bb custom_margin=\u00bb2px||2px||false|false\u00bb custom_padding=\u00bb0px|15px|0px|7px||\u00bb text_font_size_tablet=\u00bb\u00bb text_font_size_phone=\u00bb20px\u00bb text_font_size_last_edited=\u00bbon|phone\u00bb header_font_size_tablet=\u00bb\u00bb header_font_size_phone=\u00bb28px\u00bb header_font_size_last_edited=\u00bbon|phone\u00bb]<\/p>\n<h1>En la escuela<\/h1>\n<p><strong>La vacunaci\u00f3n no es obligatoria en Espa\u00f1a, es recomendada. La escolarizaci\u00f3n es obligatoria en Espa\u00f1a en las etapas de primaria y secundaria. \u00bfSi la vacunaci\u00f3n no es obligatoria y la escolarizaci\u00f3n s\u00ed, hay ni\u00f1os que pueden ser excluidos de la escolarizaci\u00f3n por el hecho de no estar vacunados?<\/strong><\/p>\n<p><strong>Los ni\u00f1os no deben ser excluidos de la escolarizaci\u00f3n por el hecho de no estar <strong>vacunados.<\/strong> <\/strong><\/p>\n<p>Pero no es extra\u00f1o que quien est\u00e1 al frente de la administraci\u00f3n p\u00fablica<br \/>(directores de escuela, m\u00e9dicos, alcaldes, etc\u2026) apliquen la normativa seg\u00fan su criterio y no siguiendo estrictamente lo que esta indica. El caso de la vacunaci\u00f3n es uno de los mejores ejemplos.<\/p>\n<p>[\/et_pb_text][et_pb_text admin_label=\u00bbConsejos\u00bb _builder_version=\u00bb4.8.1&#8243; text_font=\u00bbRubik|300|||||||\u00bb text_text_color=\u00bbrgba(255,255,255,0.7)\u00bb text_line_height=\u00bb1.2em\u00bb header_font=\u00bbRubik|700|||||||\u00bb header_font_size=\u00bb40px\u00bb header_line_height=\u00bb1.4em\u00bb header_2_font=\u00bbRubik|700|||||||\u00bb header_2_font_size=\u00bb30px\u00bb header_6_font=\u00bbMontserrat|600||on|||||\u00bb header_6_text_color=\u00bbrgba(255,255,255,0.7)\u00bb header_6_font_size=\u00bb16px\u00bb header_6_letter_spacing=\u00bb2px\u00bb header_6_line_height=\u00bb1.5em\u00bb background_color=\u00bb#5a9eff\u00bb background_layout=\u00bbdark\u00bb width_tablet=\u00bb\u00bb width_phone=\u00bb96.5%\u00bb width_last_edited=\u00bbon|phone\u00bb max_width=\u00bb100%\u00bb module_alignment=\u00bbcenter\u00bb custom_margin=\u00bb-2px|4px||4px|false|false\u00bb custom_padding=\u00bb50px|50px|50px|50px|false|false\u00bb custom_padding_tablet=\u00bb\u00bb custom_padding_phone=\u00bb50px|1.7%|50px|3.6%|false|false\u00bb custom_padding_last_edited=\u00bbon|phone\u00bb text_font_size_tablet=\u00bb\u00bb text_font_size_phone=\u00bb20px\u00bb text_font_size_last_edited=\u00bbon|phone\u00bb header_font_size_tablet=\u00bb40px\u00bb header_font_size_phone=\u00bb40px\u00bb header_font_size_last_edited=\u00bbon|phone\u00bb header_2_font_size_tablet=\u00bb30px\u00bb header_2_font_size_phone=\u00bb30px\u00bb header_2_font_size_last_edited=\u00bbon|phone\u00bb border_radii=\u00bbon|20px|20px|20px|20px\u00bb saved_tabs=\u00bball\u00bb]<\/p>\n<h2>Consejos<\/h2>\n<p>Nos atrevemos a daros una serie de consejos si desgraciadamente os encontrarais en alg\u00fan momento en esta situaci\u00f3n:<\/p>\n<p><span class=\"numeracop\">1<\/span>El factor humano es muy importante. Siempre ayuda una comunicaci\u00f3n cordial junto a una reclamaci\u00f3n firme de nuestros derechos.<\/p>\n<p><span class=\"numeracop\">2<\/span>Hemos de identificar a nuestro interlocutor y el \u00e1mbito de decisi\u00f3n que tiene.<\/p>\n<p><span class=\"numeracop\">3<\/span>Decidir si estamos comunicando con el interlocutor adecuado.<\/p>\n<p><span class=\"numeracop\">4<\/span>No entrar en pol\u00e9micas discursivas.<\/p>\n<p><span class=\"numeracop\">5<\/span>Si es el caso, pedir por escrito a nuestro interlocutor en que normativa se basa para pedirnos como a obligatorio el carnet de vacunaciones.<\/p>\n<p><span class=\"numeracop\">6<\/span>Entregar nosotros por escrito la normativa y exigir su cumplimiento.<\/p>\n<p><span class=\"numeracop\">7<\/span>Pedir que se nos entregue por escrito todos los requerimientos que nos puedan solicitar.<\/p>\n<p><span class=\"numeracop\">8<\/span>En el caso que se persista en la misma actitud entrar por registro documento pidiendo la aplicaci\u00f3n de la normativa y indicar que en caso contrario nos reservamos emprender acciones legales contra la persona concreta de la administraci\u00f3n que quiere aplicar la normativa inadecuadamente.[\/et_pb_text][et_pb_image src=\u00bbhttps:\/\/vik.es\/llv\/wp-content\/uploads\/2021\/03\/en-la-escuela-2.png\u00bb title_text=\u00bben-la-escuela\u00bb align=\u00bbcenter\u00bb _builder_version=\u00bb4.8.1&#8243; _module_preset=\u00bbdefault\u00bb][\/et_pb_image][\/et_pb_column][et_pb_column type=\u00bb1_2&#8243; _builder_version=\u00bb3.25&#8243; custom_padding=\u00bb|||\u00bb custom_padding__hover=\u00bb|||\u00bb][et_pb_text _builder_version=\u00bb4.8.1&#8243; text_font=\u00bbRubik|300|||||||\u00bb text_text_color=\u00bbrgba(255,255,255,0.7)\u00bb text_line_height=\u00bb1.2em\u00bb header_font=\u00bbRubik|700|||||||\u00bb header_font_size=\u00bb44px\u00bb header_line_height=\u00bb1.4em\u00bb header_2_font=\u00bbRubik|700|||||||\u00bb header_2_font_size=\u00bb40px\u00bb header_6_font=\u00bbMontserrat|600||on|||||\u00bb header_6_text_color=\u00bbrgba(255,255,255,0.7)\u00bb header_6_font_size=\u00bb16px\u00bb header_6_letter_spacing=\u00bb2px\u00bb header_6_line_height=\u00bb1.5em\u00bb background_layout=\u00bbdark\u00bb max_width=\u00bb800px\u00bb module_alignment=\u00bbcenter\u00bb min_height=\u00bb100px\u00bb custom_margin=\u00bb2px||36px||false|false\u00bb custom_padding=\u00bb0px|15px|0px|7px||\u00bb text_font_size_tablet=\u00bb\u00bb text_font_size_phone=\u00bb20px\u00bb text_font_size_last_edited=\u00bbon|phone\u00bb header_font_size_tablet=\u00bb\u00bb header_font_size_phone=\u00bb28px\u00bb header_font_size_last_edited=\u00bbon|phone\u00bb]<\/p>\n<p>Al respecto de la normativa requerida para el acceso de los ni\u00f1os a los centros docentes que publica cada autonom\u00eda en su diario oficial, la de Catalunya incorpora diferentes opciones respecto a las vacunaciones:<\/p>\n<p>[\/et_pb_text][et_pb_text admin_label=\u00bbGeneralitat de Catalunya\u00bb _builder_version=\u00bb4.8.1&#8243; text_font=\u00bbRubik|300|||||||\u00bb text_text_color=\u00bbrgba(255,255,255,0.7)\u00bb text_line_height=\u00bb1.2em\u00bb header_font=\u00bbRubik|700|||||||\u00bb header_font_size=\u00bb40px\u00bb header_line_height=\u00bb1.4em\u00bb header_2_font=\u00bbRubik|700|||||||\u00bb header_2_font_size=\u00bb30px\u00bb header_6_font=\u00bbMontserrat|600||on|||||\u00bb header_6_text_color=\u00bbrgba(255,255,255,0.7)\u00bb header_6_font_size=\u00bb16px\u00bb header_6_letter_spacing=\u00bb2px\u00bb header_6_line_height=\u00bb1.5em\u00bb background_color=\u00bb#5a9eff\u00bb background_layout=\u00bbdark\u00bb width_tablet=\u00bb\u00bb width_phone=\u00bb100%\u00bb width_last_edited=\u00bbon|phone\u00bb max_width=\u00bb100%\u00bb module_alignment=\u00bbcenter\u00bb custom_margin=\u00bb||||false|false\u00bb custom_padding=\u00bb50px|50px|50px|50px|false|false\u00bb custom_padding_tablet=\u00bb\u00bb custom_padding_phone=\u00bb50px|3.9%|50px|3.8%|false|false\u00bb custom_padding_last_edited=\u00bbon|phone\u00bb text_font_size_tablet=\u00bb\u00bb text_font_size_phone=\u00bb20px\u00bb text_font_size_last_edited=\u00bbon|phone\u00bb header_font_size_tablet=\u00bb40px\u00bb header_font_size_phone=\u00bb40px\u00bb header_font_size_last_edited=\u00bbon|phone\u00bb header_2_font_size_tablet=\u00bb30px\u00bb header_2_font_size_phone=\u00bb30px\u00bb header_2_font_size_last_edited=\u00bbon|phone\u00bb border_radii=\u00bbon|20px|20px|20px|20px\u00bb saved_tabs=\u00bball\u00bb]<\/p>\n<h3>Generalitat de Catalunya<\/h3>\n<p><em><strong>RESOLUCI\u00d3 ENS\/603\/2018, de 27 de mar<\/strong>\u00e7, per la qual s&#8217;aproven les normes de preinscripci\u00f3 i matr\u00edcula d&#8217;alumnes als centres del Servei d&#8217;Educaci\u00f3 de Catalunya i altres centres educatius, en els diversos ensenyaments sostinguts amb fons p\u00fablics, per al curs 2018-2019.<\/em><br \/><em>&#8211; fotoc\u00f2pia del carnet de vacunacions on figurin les dosis de vacunes rebudes amb les dates corresponents. Quan no es tingui el carnet de vacunacions, s&#8217;ha de presentar un certificat m\u00e8dic oficial o el carnet de salut de l&#8217;infant on figurin les dosis de vacuna rebudes amb les dates corresponents (article 4 de l&#8217;Ordre de 29 de juny de 1981, per la qual s&#8217;aprova l&#8217;establiment dels registres perif\u00e8rics de vacunacions). Si el nen no ha estat vacunat per indicaci\u00f3 m\u00e8dica o per altres circumst\u00e0ncies, cal presentar un certificat m\u00e8dic oficial justificatiu.<\/em><\/p>\n<p><span class=\"nota\">Texto extra\u00eddo del Diari Oficial de la Generalitat de Catalunya.<\/span><\/p>\n<p>Como podemos comprobar se incluye la opci\u00f3n que el ni\u00f1o no est\u00e9 vacunado adjuntando un certificado m\u00e9dico identificativo. El certificado m\u00e9dico, que puede rellenarse en impreso oficial, ha de ser firmado por un m\u00e9dico colegiado y recomendamos que en \u00e9l conste:<\/p>\n<p><span class=\"numeracop\">1<\/span>que el ni\u00f1o tiene seguimiento m\u00e9dico regular<\/p>\n<p><span class=\"numeracop\">2<\/span>que est\u00e1 bien de salud y no padece ninguna enfermedad infecto-contagiosa<\/p>\n<p><span class=\"numeracop\">3<\/span>opcional, que no est\u00e1 vacunado por los posibles efectos adversos de las vacunaciones.<\/p>\n<p>[\/et_pb_text][et_pb_text _builder_version=\u00bb4.8.1&#8243; text_font=\u00bbRubik|300|||||||\u00bb text_text_color=\u00bbrgba(255,255,255,0.7)\u00bb text_line_height=\u00bb1.2em\u00bb header_font=\u00bbRubik|700|||||||\u00bb header_font_size=\u00bb44px\u00bb header_line_height=\u00bb1.4em\u00bb header_2_font=\u00bbRubik|700|||||||\u00bb header_2_font_size=\u00bb40px\u00bb header_6_font=\u00bbMontserrat|600||on|||||\u00bb header_6_text_color=\u00bbrgba(255,255,255,0.7)\u00bb header_6_font_size=\u00bb16px\u00bb header_6_letter_spacing=\u00bb2px\u00bb header_6_line_height=\u00bb1.5em\u00bb background_layout=\u00bbdark\u00bb max_width=\u00bb800px\u00bb module_alignment=\u00bbcenter\u00bb custom_margin=\u00bb||||false|false\u00bb custom_padding=\u00bb|11px||8px||\u00bb hover_enabled=\u00bb0&#8243; text_font_size_tablet=\u00bb\u00bb text_font_size_phone=\u00bb20px\u00bb text_font_size_last_edited=\u00bbon|phone\u00bb header_font_size_tablet=\u00bb\u00bb header_font_size_phone=\u00bb28px\u00bb header_font_size_last_edited=\u00bbon|phone\u00bb sticky_enabled=\u00bb0&#8243;]<\/p>\n<p><span style=\"font-weight: 400;\">Si necesit\u00e1is asesoramiento pod\u00e9is solicitarlo a trav\u00e9s del correo electr\u00f3nico <a href=\"mailto:infolegal@vacunacionlibre.org\">infolegal@vacunacionlibre.org<\/a>.<\/span><\/p>\n<p>[\/et_pb_text][\/et_pb_column][\/et_pb_row][\/et_pb_section]<\/p>\n","protected":false},"excerpt":{"rendered":"<p>[et_pb_section fb_built=\u00bb1&#8243; admin_label=\u00bbManifiesto\u00bb _builder_version=\u00bb4.8.1&#8243; background_color=\u00bb#2192d6&#8243; background_enable_image=\u00bboff\u00bb background_position=\u00bbbottom_left\u00bb width=\u00bb100%\u00bb max_width=\u00bb100%\u00bb custom_padding=\u00bb53.625px|0px|53.625px|0|true|false\u00bb top_divider_height=\u00bb50px\u00bb top_divider_flip=\u00bbhorizontal\u00bb collapsed=\u00bboff\u00bb][et_pb_row column_structure=\u00bb1_2,1_2&#8243; custom_padding_last_edited=\u00bbon|phone\u00bb _builder_version=\u00bb4.8.1&#8243; background_enable_color=\u00bboff\u00bb background_enable_image=\u00bboff\u00bb width=\u00bb100%\u00bb max_width=\u00bb100%\u00bb custom_margin=\u00bb-38px|auto||auto||\u00bb custom_margin_tablet=\u00bb|||10%\u00bb custom_padding=\u00bb74px|60px|74px|60px|true|true\u00bb custom_padding_tablet=\u00bb\u00bb custom_padding_phone=\u00bb0px|9px|0px|9px|true|true\u00bb border_radii=\u00bbon|6px|6px|6px|6px\u00bb locked=\u00bboff\u00bb][et_pb_column type=\u00bb1_2&#8243; _builder_version=\u00bb3.25&#8243; custom_padding=\u00bb|||\u00bb custom_padding__hover=\u00bb|||\u00bb][et_pb_text _builder_version=\u00bb4.8.1&#8243; text_font=\u00bbRubik|300|||||||\u00bb text_text_color=\u00bbrgba(255,255,255,0.7)\u00bb text_line_height=\u00bb1.2em\u00bb header_font=\u00bbRubik|700|||||||\u00bb header_font_size=\u00bb44px\u00bb header_line_height=\u00bb1.4em\u00bb header_2_font=\u00bbRubik|700|||||||\u00bb header_2_font_size=\u00bb40px\u00bb header_6_font=\u00bbMontserrat|600||on|||||\u00bb header_6_text_color=\u00bbrgba(255,255,255,0.7)\u00bb header_6_font_size=\u00bb16px\u00bb header_6_letter_spacing=\u00bb2px\u00bb header_6_line_height=\u00bb1.5em\u00bb background_layout=\u00bbdark\u00bb max_width=\u00bb800px\u00bb module_alignment=\u00bbcenter\u00bb min_height=\u00bb454px\u00bb custom_margin=\u00bb2px||2px||false|false\u00bb custom_padding=\u00bb0px|15px|0px|7px||\u00bb text_font_size_tablet=\u00bb\u00bb text_font_size_phone=\u00bb20px\u00bb text_font_size_last_edited=\u00bbon|phone\u00bb header_font_size_tablet=\u00bb\u00bb [&hellip;]<\/p>\n","protected":false},"author":1,"featured_media":0,"parent":0,"menu_order":0,"comment_status":"closed","ping_status":"closed","template":"","meta":{"_et_pb_use_builder":"on","_et_pb_old_content":"","_et_gb_content_width":"","footnotes":""},"class_list":["post-879","page","type-page","status-publish","hentry"],"_links":{"self":[{"href":"https:\/\/vik.es\/llv\/wp-json\/wp\/v2\/pages\/879","targetHints":{"allow":["GET"]}}],"collection":[{"href":"https:\/\/vik.es\/llv\/wp-json\/wp\/v2\/pages"}],"about":[{"href":"https:\/\/vik.es\/llv\/wp-json\/wp\/v2\/types\/page"}],"author":[{"embeddable":true,"href":"https:\/\/vik.es\/llv\/wp-json\/wp\/v2\/users\/1"}],"replies":[{"embeddable":true,"href":"https:\/\/vik.es\/llv\/wp-json\/wp\/v2\/comments?post=879"}],"version-history":[{"count":98,"href":"https:\/\/vik.es\/llv\/wp-json\/wp\/v2\/pages\/879\/revisions"}],"predecessor-version":[{"id":5009,"href":"https:\/\/vik.es\/llv\/wp-json\/wp\/v2\/pages\/879\/revisions\/5009"}],"wp:attachment":[{"href":"https:\/\/vik.es\/llv\/wp-json\/wp\/v2\/media?parent=879"}],"curies":[{"name":"wp","href":"https:\/\/api.w.org\/{rel}","templated":true}]}}